{"version":"1.0","provider_name":"NEM HARAP A SPEN\u00f3T","provider_url":"https:\/\/nemharapaspenot.cafeblog.hu","author_name":"nemharapaspenot","author_url":"https:\/\/nemharapaspenot.cafeblog.hu\/author\/nemharapaspenot\/","title":"Ludot\u00e9ka","html":"<p style=\"text-align: justify\">F\u00fcles m\u00e9g csak p\u00e1r h\u00f3napos volt, amikor a francia d\u00e9di arra b\u00edztatott, hogy vigyem a gyereket <i>ludoth\u00e8quebe<\/i>*, azaz a v\u00e1rosi j\u00e1tsz\u00f3h\u00e1zba. Fogalmam sem volt, mi lehet az, ez\u00e9rt elkis\u00e9rt \u00e9s megmutatta hol van. \u00c9ppen z\u00e1rva volt, ez\u00e9rt nem tudtunk bemenni, csak bekukucsk\u00e1lni. Enn\u00e9l fogva \u00e9n tov\u00e1bb bizalmatlankodhattam, hogy minek vinn\u00e9m a gyerekemet oda, hiszen m\u00e9g csecsem\u0151, megfordulni sem tud. Ha j\u00f3l eml\u00e9kszem, totyog\u00f3s volt, amikor v\u00e9gre be mer\u00e9szeltem menni a j\u00e1tsz\u00f3h\u00e1zba. Igaz\u00e1b\u00f3l a gyerekre kentem, hogy m\u00e9g \u00fagysem tud semmit (els\u0151 gyerekkel j\u00e1r\u00f3 z\u00f6ldf\u00fcl\u0171s\u00e9g), de az igazi ok az volt, hogy nem besz\u00e9ltem m\u00e9g j\u00f3l franci\u00e1ul \u00e9s ezen el\u00e9g sokat szorongtam, h\u00e1t ez\u00e9rt nem mertem k\u00f6z\u00f6ss\u00e9gbe menni. De egyszer v\u00e9gre beirattuk a gyereket \u00e9s elkezdt\u00fcnk rendszeresen j\u00e1rni a j\u00e1tsz\u00f3h\u00e1zba. Ut\u00e1na m\u00e1r csapkodtam a fejem a falba, hogy mi\u00e9rt nem j\u00f6tt\u00fcnk kor\u00e1bban, hiszen ott legal\u00e1bb volt kihez <del>sz\u00f3lni<\/del> makogni, nem kellett t\u00f6bb\u00e9 mag\u00e1nyoskodni, ugyanis akkor m\u00e9g a p\u00e1rizsi agglomer\u00e1ci\u00f3ban \u00e9lt\u00fcnk, egy alv\u00f3v\u00e1rosban, ahol m\u00e9g r\u00fches macsk\u00e1k sem s\u00e9t\u00e1ltak az utc\u00e1n, embert azt\u00e1n meg pl\u00e1ne alig lehetett l\u00e1tni. Egyenes \u00fat vezetett a befordul\u00e1shoz, a teljes izol\u00e1lts\u00e1ghoz. A baj az (is) volt, hogy D\u00e9di azt mondta, hogy ott kell hagyni a gyereket, m\u00edg \u00e9n fodr\u00e1szhoz megyek (hm, nyilv\u00e1n nem tetszett neki a frizur\u00e1m... nem t\u00fcsi \u00e9s nem \u00e9g\u0151 csipkebokor a sz\u00edn\u00e1rnyalata, mint az \u00f6v\u00e9,\u00a0hanem f\u00e9lhossz\u00fa \u00e9s gesztenyesz\u00edn\u0171, teljesen \u00e1tlagos), ett\u0151l is rettegtem, mi az, hogy otthagyom a p\u00e1r h\u00f3napos csemet\u00e9t? A <i>ludoth\u00e8que<\/i> viszont nem err\u0151l sz\u00f3l, hanem pont az ellenkez\u0151j\u00e9r\u0151l: a sz\u00fcl\u0151 vagy az \"anya-asszisztens\" (assistante maternelle) ott marad a gyerekkel, \u0151 fel\u00fcgyel r\u00e1 (a feln\u0151ttre pedig a j\u00e1tsz\u00f3h\u00e1z alkalmazottja, n\u00e9hol t\u00fals\u00e1gosan is katon\u00e1san... Volt, hogy r\u00e1nk sz\u00f3ltak, hogy ne besz\u00e9lj\u00fcnk olyan hangosan az olasz anyuk\u00e1val :) , persze z\u00f6m\u00e9ben nagyon kedves az \u0151rszem szem\u00e9lyzet). A d\u00e9di val\u00f3sz\u00edn\u0171leg az \"halte-garderie\", azaz gyerekmeg\u0151rz\u0151re gondolt akkoriban, ahol val\u00f3ban ott lehet hagyni a gyerekeket p\u00e1r \u00f3r\u00e1s szakk\u00e9pzett fel\u00fcgyel\u0151kre. A franci\u00e1k p\u00e1r h\u00f3napos csecsem\u0151t is sz\u00edvbaj n\u00e9lk\u00fcl beadnak, heti rendszeress\u00e9ggel. D\u00e9di 82 \u00e9ves, sokszor \u00f6sszekeveri a hamut a mamusszal, ez\u00e9rt nem lehet r\u00e1 haragudni \u00e9s t\u00e9nyleg \u0151 volt az egyetlen, aki sz\u00e1rnyai al\u00e1 vett, amikor Franciaorsz\u00e1gba \u00e9rkeztem. A fiamat m\u00e1r p\u00e1r hetes kor\u00e1t\u00f3l vittem a \"lud\u00f3ba\" (\u00edgy bec\u00e9zik a franci\u00e1k), hiszen a naggyal nem maradhattunk otthon a n\u00e9gy fal k\u00f6z\u00f6tt csak az\u00e9rt, mert \u00fajsz\u00fcl\u00f6tt \u00e9rkezett a h\u00e1zhoz. Babar\u00e9szleg is van, \u00edgy \u0151 m\u00e1r a kezdetek kezdet\u00e9n j\u00f3l sz\u00f3rakozott.<\/p><p style=\"text-align: justify\"><a href=\"https:\/\/nemharapaspenot.cafeblog.hu\/files\/2014\/01\/image65.jpg\"><img class=\"aligncenter size-medium wp-image-991\" alt=\"image\" src=\"https:\/\/nemharapaspenot.cafeblog.hu\/files\/2014\/01\/image65-300x223.jpg\" width=\"300\" height=\"223\" \/><\/a><\/p><p style=\"text-align: justify\">J\u00e1rtunk teh\u00e1t a lud\u00f3ba, ahov\u00e1 id\u0151pontot kellett k\u00e9rni, mert annyira n\u00e9pszer\u0171 volt, hogy nem f\u00e9rt\u00fcnk volna el, ha nem lett\u00fcnk volna bet\u00e1bl\u00e1zva. Ahol most \u00e9l\u00fcnk, kev\u00e9s a gyerek \u00e9s rengeteg a nyugd\u00edjas, az alap\u00edtv\u00e1nyi j\u00e1tsz\u00f3h\u00e1zban (amit \u00e9n tariszny\u00e1s j\u00e1tsz\u00f3h\u00e1znak nevezek, mert olyan a k\u00f6z\u00f6ns\u00e9ge: bakancs, sz\u0151ttes, lobonchaj, h\u00f3naljszag... bocs\u00e1nat az Elt\u00e9sekt\u0151l! De \u00e9n is j\u00e1rtam oda, \u00edgy tal\u00e1n kev\u00e9sb\u00e9 nyakaznak le. Mondjuk a h\u00f3naljszag nem Elt\u00e9s tulajdons\u00e1g, ink\u00e1bb francia... bocs\u00e1nat a franci\u00e1kt\u00f3l, hogy szteretipiz\u00e1lom \u0151ket! De mit csin\u00e1ljak, el\u0151-el\u0151fordul \u00e9s m\u00e9g be is vallj\u00e1k f\u00fcrd\u00e9si <del>nem<\/del>\u00a0szok\u00e1saikat). Ide nem kell id\u0151pont\u00e9rt kuncsorogni, j\u00f3, ha 5-6 gyerek \u00f6sszej\u00f6n szerd\u00e1nk\u00e9nt, de olyan is volt, hogy \u00f6sszesen \u00f6ten voltunk, \u00e9n \u00e9s a gyerekeim \u00e9s a k\u00e9t fel\u00fcgyel\u0151, na az \u00fagy el\u00e9g unalmas, hogy nem tudtak haverkodni a k\u00f6lykeim m\u00e1s gyerekekkel. (A v\u00e1ros 49,2%-a 60 \u00e9v f\u00f6l\u00f6tti, 29,8%-a 30-59 \u00e9v k\u00f6z\u00f6tti, 11,7%-a 15-29 \u00e9v k\u00f6z\u00f6tti, 9,3%-a 15 \u00e9v alatti.)<\/p><p style=\"text-align: justify\"><a href=\"https:\/\/nemharapaspenot.cafeblog.hu\/files\/2014\/01\/image63-e1390414197785.jpg\"><img class=\"aligncenter size-medium wp-image-985\" alt=\"image\" src=\"https:\/\/nemharapaspenot.cafeblog.hu\/files\/2014\/01\/image63-e1390414197785-300x223.jpg\" width=\"300\" height=\"223\" \/><\/a><\/p><p style=\"text-align: justify\">Franciaorsz\u00e1g szinte \u00f6sszes v\u00e1ros\u00e1ban van ludot\u00e9ka (eddig h\u00e1rom k\u00fcl\u00f6nb\u00f6z\u0151 v\u00e1rosban laktunk, mindegyikben volt). A legels\u0151t Dijonban nyitott\u00e1k meg 1967-ben \u00e9s onnant\u00f3l, mint fut\u00f3t\u0171z terjedtek el. 1979-ben m\u00e1r 80, 2002-ben pedig m\u00e1r 1076 j\u00e1tsz\u00f3h\u00e1z volt szerte az orsz\u00e1gban, ma ez a sz\u00e1m 1150-re n\u0151tt \u00e9s ebb\u0151l 200 \u00cele-de-Franceban tal\u00e1lhat\u00f3 (2013-as adat szerint). Az \u00f6tlet Amerik\u00e1b\u00f3l \u00e9rkezett: Los Angelesben 1934-ben alap\u00edtott\u00e1k meg az els\u0151 v\u00e1rosi j\u00e1tsz\u00f3h\u00e1zat, onnan ker\u00fclt \u00e1t az \u00f6tlet D\u00e1ni\u00e1ba (1959), amit Sv\u00e9dorsz\u00e1g k\u00f6vetett (1963).<\/p><p style=\"text-align: justify\"><a href=\"https:\/\/nemharapaspenot.cafeblog.hu\/files\/2014\/01\/image66-e1390415287567.jpg\"><img class=\"aligncenter size-medium wp-image-992\" alt=\"image\" src=\"https:\/\/nemharapaspenot.cafeblog.hu\/files\/2014\/01\/image66-e1390415287567-223x300.jpg\" width=\"223\" height=\"300\" \/><\/a><\/p><p style=\"text-align: justify\">A ludot\u00e9ka nem \u00f6sszekeverend\u0151 a gigantikus kereskedelmi k\u00f6zpontokban l\u00e9v\u0151 j\u00e1tsz\u00f3h\u00e1zakkal. A ludot\u00e9ka\u00a0ugyanis sok helyen ingyenes (v\u00e1rosvezet\u00e9st\u0151l f\u00fcgg, lehetnek alap\u00edtv\u00e1nyi, egyh\u00e1zi vezet\u00e9s\u0171ek is), illetve ha fizet\u0151s, csek\u00e9ly \u00f6sszegbe ker\u00fcl (mindenk\u00e9ppen j\u00f3val kedvez\u0151bb az \u00e1ra, mint a nagynev\u0171 kereskedelmi j\u00e1tsz\u00f3h\u00e1zaknak). A koncepci\u00f3 mindenhol az, hogy a gyerekek szocializ\u00e1l\u00f3dhassanak, ha nincs lehet\u0151s\u00e9g\u00fck b\u00f6lcs\u00f6d\u00e9be j\u00e1rni, valamint az \u00f3vod\u00e1ba ker\u00fcl\u00e9s el\u0151tt is tanulhass\u00e1k a t\u00e1rsadalmi \u00e9let Velej\u00e1r\u00f3it. Bels\u0151 szab\u00e1lyzatt\u00f3l f\u00fcgg, hogy milyen id\u0151s korig fogadnak gyerekeket. Van, ahol 3 \u00e9ves korn\u00e1l megh\u00fazz\u00e1k a hat\u00e1rt, van, ahol kisiskol\u00e1sok is l\u00e1togathatj\u00e1k eg\u00e9szen sz\u00fclet\u00e9st\u0151l fogva (a feln\u0151ttek j\u00e1tsz\u00f3h\u00e1z\u00e1t, a <em>centre socioculturelleket<\/em> most nem veszem g\u00f3rcs\u0151 al\u00e1). A hangs\u00faly nemcsak a gyerekeken van, hanem a k\u00eds\u00e9r\u0151j\u00e9n is, nevezetesen az any\u00e1n, aki GYED-en van, vagy nem dolgozik \u00e9s az \"anya-asszisztensen\", nekik ez a hely az\u00e9rt ide\u00e1lis, mert \u00edgy elker\u00fclhetik a teljes izol\u00e1ci\u00f3t: van kivel tal\u00e1lkozniuk, van kihez sz\u00f3lniuk. Az anya-gyermeke \u00e1lland\u00f3 szimbi\u00f3zisa is lazulhat kicsit, mert a gyerek v\u00e9gre j\u00e1tszhat m\u00e1ssal is, mint az anyj\u00e1val, p\u00e9ld\u00e1ul m\u00e1s gyerekkel \u00e9s m\u00e1s feln\u0151ttel, \u00edgy a m\u00e1s szem\u00e9lyek ir\u00e1nti bizalomszerz\u00e9st is tanulhatja, \u00f6n\u00e1ll\u00f3sodhat is, f\u00fcggetlenedhet az anyj\u00e1t\u00f3l, integr\u00e1l\u00f3dhat a t\u00e1rsadalomba. Gyakorlatban ez \u00fagy n\u00e9z ki, hogy a feln\u0151ttek traccspartiznak egym\u00e1ssal, a gyerekek pedig j\u00e1tszanak. Ott a gyerekek m\u00e1sf\u00e9le j\u00e1t\u00e9kokat is kipr\u00f3b\u00e1lhat, mint amiket otthon birtokolnak, \u00e9s ez az\u00e9rt is j\u00f3, mert nem kell felv\u00e1s\u00e1rolni a vil\u00e1g j\u00e1t\u00e9kboltjait, ha a gyerek megunn\u00e1 a saj\u00e1tjait. A gyerek mindek\u00f6zben nemcsak megtanul j\u00e1tszani m\u00e1sf\u00e9le j\u00e1t\u00e9kokkal, hanem k\u00f6lcs\u00f6nadni m\u00e1sik gyereknek a j\u00e1t\u00e9kszer\u00e9t, v\u00e1rakozni, rendet rakni stb.<\/p><p style=\"text-align: justify\"><a href=\"https:\/\/nemharapaspenot.cafeblog.hu\/files\/2014\/01\/image61.jpg\"><img class=\"aligncenter size-medium wp-image-983\" alt=\"image\" src=\"https:\/\/nemharapaspenot.cafeblog.hu\/files\/2014\/01\/image61-223x300.jpg\" width=\"223\" height=\"300\" \/><\/a><\/p><p style=\"text-align: justify\">A j\u00e1tsz\u00f3h\u00e1zban ir\u00e1ny\u00edtott foglalkoz\u00e1sok is vannak. \"\u00c9breszt\u0151\" j\u00e1t\u00e9kok (a h\u00edres \"\u00e9veil\", amit Pamela Druckermann is emlegetett a Nem harap a spen\u00f3t c\u00edm\u0171 k\u00f6nyv\u00e9ben, jelent\u00e9se hozz\u00e1vet\u0151legesen, j\u00e1t\u00e9k, amely a gyerek \u00e9rdekl\u0151d\u00e9s\u00e9t kelti fel, fejleszti a gyereket), strat\u00e9giai j\u00e1t\u00e9kok, szerencsej\u00e1t\u00e9kok, \u00e9p\u00edt\u0151j\u00e1t\u00e9kok, term\u00e9szetesen kiskonyha a szitu\u00e1ci\u00f3s j\u00e1t\u00e9kokhoz, de van tornaterem is (salle de motricit\u00e9), s\u0151t van, ahol medence is (volt szerencs\u00e9nk egyszer-egyszer medencepartizni is) stb. A gyerekek az \"atelierben\", azaz m\u0171helyben a szezonnak megfelel\u0151 kre\u00e1lm\u00e1nyokat k\u00e9sz\u00edthetnek, vattapamacsb\u00f3l h\u00f3embert t\u00e9len, kartonb\u00f3l t\u00f6kfejeket Halloween alkalm\u00e1b\u00f3l, zsugorf\u00f3li\u00e1b\u00f3l nyulakat H\u00fasv\u00e9tra stb.\u00a0Kar\u00e1csonykor, de ak\u00e1r m\u00e1s alkalomb\u00f3l is m\u0171sort rendeznek a lud\u00f3ban dolgoz\u00f3k. Sz\u00ednh\u00e1zi zen\u00e9s, t\u00e1ncos, b\u00e1bos, el\u0151ad\u00e1st, nagyon j\u00f3 hangulat szokott kialakulni.<\/p><p style=\"text-align: justify\"><a href=\"https:\/\/nemharapaspenot.cafeblog.hu\/files\/2014\/01\/image64-e1390414827715.jpg\"><img class=\"aligncenter size-medium wp-image-988\" alt=\"image\" src=\"https:\/\/nemharapaspenot.cafeblog.hu\/files\/2014\/01\/image64-e1390414827715-300x223.jpg\" width=\"300\" height=\"223\" \/><\/a><\/p><p style=\"text-align: justify\">A j\u00e1tsz\u00f3h\u00e1zba \u00e1ltal\u00e1ban a helyi lakosok j\u00e1rnak, s\u0151t van olyan hely, ahov\u00e1 lakhelyigazol\u00e1st kell vinni \u00e9s csak akkor lehet menni, ha ahhoz a v\u00e1roshoz, ker\u00fclethez tartozunk, ahol a ludot\u00e9ka tal\u00e1lhat\u00f3, \u00edgy azt\u00e1n bar\u00e1ts\u00e1gok is k\u00f6tetthetnek. Volt olyan, hogy a szomsz\u00e9dasszony, aki addig m\u00e9g csak a k\u00f6sz\u00f6n\u00e9semet sem fogadta, a lud\u00f3nak h\u00e1la sz\u00f3ba \u00e1llt velem, onnant\u00f3l fogva viszont m\u00e1r minden helyi pletyk\u00e1t is megtudhattam, ki, kivel, mikor, hol... J\u00f3tan\u00e1cs: ha \u00faj v\u00e1rosba k\u00f6lt\u00f6z\u00fcnk, kit\u00fcn\u0151 lehet\u0151s\u00e9g azonnal ismer\u0151s\u00f6kre szert tenni, ha a lud\u00f3ba kezd\u00fcnk j\u00e1rni. Rengeteg idegen ajk\u00fa is j\u00e1r oda \u00e9s nemcsak P\u00e1rizsban! 500 km-re P\u00e1rizst\u00f3l, egy \u00f3ce\u00e1nparti porf\u00e9szek ludot\u00e9k\u00e1j\u00e1ba oroszok, litv\u00e1nok, n\u00e9metek, angolok \u00e9s magyarok j\u00e1rnak a franci\u00e1kon k\u00edv\u00fcl. Meg kell \u00e1llap\u00edtani, hogy nyelvgyakorl\u00e1snak is remek helynek bizonyul.<\/p><p style=\"text-align: justify\"><a href=\"https:\/\/nemharapaspenot.cafeblog.hu\/files\/2014\/01\/image67.jpg\"><img class=\"aligncenter size-medium wp-image-993\" alt=\"image\" src=\"https:\/\/nemharapaspenot.cafeblog.hu\/files\/2014\/01\/image67-300x225.jpg\" width=\"300\" height=\"225\" \/><\/a><\/p><p style=\"text-align: justify\">A ludot\u00e9k\u00e1knak van folytat\u00e1sa is, m\u00e9gpedig a <em>centre de loisires, <\/em>\u00a0azaz az iskol\u00e1skor\u00fa gyerekek \u00e9s kamaszok iskolaid\u0151n t\u00fali szbadid\u0151k\u00f6zpontja, nekik is legyen hova menni\u00fck, hogy ne az utc\u00e1n l\u0151d\u00f6r\u00f6gjenek, ne eg\u00e9sz \u00e1ll\u00f3 nap a TV, Wii, tablett el\u0151tt \u00fcljenek. Nincs v\u00e9ge, mert a feln\u0151ttek, nyugd\u00edjasok r\u00e9sz\u00e9re is l\u00e9teznek megold\u00e1sok, p\u00e9ld\u00e1ul a <i>centre socio-culturelek<\/i>, azaz kult\u00farh\u00e1zak. Summa summarum, minden koroszt\u00e1lynak megvan a maga j\u00e1tsz\u00f3h\u00e1za Franciaorsz\u00e1gban.<\/p><p style=\"text-align: justify\"><a href=\"https:\/\/nemharapaspenot.cafeblog.hu\/files\/2014\/01\/image68.jpg\"><img class=\"aligncenter size-medium wp-image-995\" alt=\"image\" src=\"https:\/\/nemharapaspenot.cafeblog.hu\/files\/2014\/01\/image68-300x224.jpg\" width=\"300\" height=\"224\" \/><\/a><\/p><p style=\"text-align: justify\">* Magyarul ludot\u00e9ka, ami a latin ludere, azaz j\u00e1tszani, \u00e9s a g\u00f6r\u00f6g thec sz\u00f3b\u00f3l ered, ami dep\u00f3t jelent. Teh\u00e1t eredetileg j\u00e1t\u00e9kt\u00e9ka \u00e9s nem j\u00e1tsz\u00f3h\u00e1zat jelent, \u00e9s igaz is, hiszen \u00a0j\u00e1t\u00e9kokat is lehet k\u00f6lcs\u00f6n\u00f6zni.<\/p><p>&nbsp;<\/p><p>Forr\u00e1sok:<\/p><p>&nbsp;<\/p><p>-\u00a0<a href=\"http:\/\/www.ludo-rayondesoleil.net\/Niveau1\/qcqlud.htm\">http:\/\/www.ludo-rayondesoleil.net\/Niveau1\/qcqlud.htm<\/a><\/p><p>-\u00a0<a href=\"http:\/\/suite101.fr\/article\/la-ludotheque-un-espace-pour-tous--a9210\">http:\/\/suite101.fr\/article\/la-ludotheque-un-espace-pour-tous--a9210<\/a><\/p><p>-\u00a0<a href=\"http:\/\/www.culture-proximite.org\/IMG\/pdf\/ludotheque.pdf\">http:\/\/www.culture-proximite.org\/IMG\/pdf\/ludotheque.pdf<\/a><\/p><p>-<a title=\" http:\/\/www.certilingua.net\/wp-content\/uploads\/ludotheque.pdf\" href=\"http:\/\/www.certilingua.net\/wp-content\/uploads\/ludotheque.pdf\"> http:\/\/www.certilingua.net\/wp-content\/uploads\/ludotheque.pdf<\/a><\/p><p>- <a title=\"http:\/\/www.alf-ludotheques.org\/index.php\" href=\"http:\/\/www.alf-ludotheques.org\/index.php\">http:\/\/www.alf-ludotheques.org\/index.php<\/a><\/p><p>&nbsp;<\/p><p>&nbsp;<\/p><p>&nbsp;<\/p>","type":"rich","thumbnail_url":"https:\/\/nemharapaspenot.cafeblog.hu\/files\/2014\/01\/image69-150x150.jpg","thumbnail_width":150,"thumbnail_height":150}